{"id":599903,"date":"2026-02-11T13:18:34","date_gmt":"2026-02-11T13:18:34","guid":{"rendered":"https:\/\/www.ernest-turc.com\/boutique\/?post_type=product&#038;p=599903"},"modified":"2026-03-09T10:07:19","modified_gmt":"2026-03-09T10:07:19","slug":"glaieul-a-grandes-fleurs-prima-verde","status":"publish","type":"product","link":"https:\/\/www.ernest-turc.com\/boutique\/produits\/bulbes\/fleurs\/glaieuls\/grandes-fleurs\/glaieul-a-grandes-fleurs-prima-verde\/","title":{"rendered":"Gla\u00efeul \u00e0 Grandes Fleurs Prima Verde"},"content":{"rendered":"<p class=\"ai-optimize-23 ai-optimize-introduction\" style=\"text-align: justify;\">Le <strong>Gla\u00efeul \u00e0 Grandes Fleurs Prima Verde\u00a0<\/strong> produit de superbes hampes florales de 120 cm de haut aux nombreux fleurons verts. Cette vari\u00e9t\u00e9 majestueuse est id\u00e9ale en bordure ou en massif pour donner de la hauteur \u00e0 vos espaces et compositions v\u00e9g\u00e9tales. Fleur \u00e0 couper par excellence, ils permettent \u00e9galement de composer de somptueux bouquets hauts et tr\u00e8s graphiques. Utilis\u00e9s par les Grecs et les Romains, les gla\u00efeuls ont connu une v\u00e9ritable \u00e9volution gr\u00e2ce \u00e0 d\u2019importants travaux d\u2019hybridation.<\/p>\n","protected":false},"excerpt":{"rendered":"<p class=\"ai-optimize-26 ai-optimize-introduction\" style=\"text-align: justify;\">Le <strong>Gla\u00efeul \u00e0 Grandes Fleurs Prima Verde\u00a0<\/strong> produit de superbes hampes florales de 120 cm de haut aux nombreux fleurons verts. Cette vari\u00e9t\u00e9 majestueuse est id\u00e9ale en bordure ou en massif pour donner de la hauteur \u00e0 vos espaces et compositions v\u00e9g\u00e9tales. Fleur \u00e0 couper par excellence, ils permettent \u00e9galement de composer de somptueux bouquets hauts et tr\u00e8s graphiques. Utilis\u00e9s par les Grecs et les Romains, les gla\u00efeuls ont connu une v\u00e9ritable \u00e9volution gr\u00e2ce \u00e0 d\u2019importants travaux d\u2019hybridation.<\/p>\n","protected":false},"featured_media":599904,"template":"","meta":{"_relevanssi_hide_post":"","_relevanssi_hide_content":"","_relevanssi_pin_for_all":"","_relevanssi_pin_keywords":"","_relevanssi_unpin_keywords":"","_relevanssi_related_keywords":"","_relevanssi_related_include_ids":"","_relevanssi_related_exclude_ids":"","_relevanssi_related_no_append":"","_relevanssi_related_not_related":"","_relevanssi_related_posts":"","_relevanssi_noindex_reason":""},"product_brand":[],"product_cat":[1609,179,180,212,1860,1537,1538,183,182],"product_tag":[2782,2013,2781],"class_list":{"0":"post-599903","1":"product","2":"type-product","3":"status-publish","4":"has-post-thumbnail","6":"product_cat-bouquets","7":"product_cat-bulbes","8":"product_cat-fleurs","9":"product_cat-theme","10":"product_cat-fleurs-blanches","11":"product_cat-glaieuls","12":"product_cat-grandes-fleurs","13":"product_cat-ete","14":"product_cat-saison","15":"product_tag-bouquet-vert","16":"product_tag-fleur-verte","17":"product_tag-glaieul-vert","18":"pa_calibre-14-16","19":"pa_conditionnement-1475","20":"pa_couleur-vert","21":"pa_couleur-de-feuillage-vert","22":"pa_disponibilite-de-fevrier-a-juin","23":"pa_exposition-ensoleillee","24":"pa_hauteur-de-la-plante-120-cm","25":"pa_nouveaute-oui","26":"pa_periode-de-recolte-floraison-aout","27":"pa_periode-de-recolte-floraison-avril","28":"pa_periode-de-recolte-floraison-juillet","29":"pa_periode-de-recolte-floraison-juin","30":"pa_periode-de-recolte-floraison-mai","31":"pa_periode-de-recolte-floraison-mars","32":"pa_periode-de-recolte-floraison-octobre","33":"pa_periode-de-recolte-floraison-septembre","34":"pa_periode-de-semis-plantation-avril","35":"pa_periode-de-semis-plantation-juin","36":"pa_periode-de-semis-plantation-mai","37":"pa_periode-de-semis-plantation-mars","38":"pa_rusticite-craint-le-gel","39":"pa_utilisation-fleur-coupee","41":"first","42":"outofstock","43":"taxable","44":"shipping-taxable","45":"purchasable","46":"product-type-simple"},"bundled_by":[],"bundle_stock_status":"outofstock","bundle_stock_quantity":0,"bundle_virtual":false,"bundle_layout":"","bundle_add_to_cart_form_location":"","bundle_editable_in_cart":false,"bundle_sold_individually_context":"","bundle_item_grouping":"","bundle_min_size":"","bundle_max_size":"","bundled_items":[],"bundle_sell_ids":[],"yoast_head":"<!-- This site is optimized with the Yoast SEO Premium plugin v25.2 (Yoast SEO v27.5) - https:\/\/yoast.com\/product\/yoast-seo-premium-wordpress\/ -->\n<title>Gla\u00efeul \u00e0 Grandes Fleurs Prima Verde - Ernest TURC<\/title>\n<meta name=\"description\" content=\"Gla\u00efeul \u00e0 Grandes Fleurs Prima Verde \u00e0 acheter en ligne avec Ernest Turc, producteur de bulbes et de graines. D\u00e9couvrez notre s\u00e9lection de Grandes fleurs pour sublimer vos jardins.\" \/>\n<meta name=\"robots\" content=\"index, follow, max-snippet:-1, max-image-preview:large, max-video-preview:-1\" \/>\n<link rel=\"canonical\" href=\"https:\/\/www.ernest-turc.com\/boutique\/produits\/bulbes\/fleurs\/glaieuls\/grandes-fleurs\/glaieul-a-grandes-fleurs-prima-verde\/\" \/>\n<meta property=\"og:locale\" content=\"fr_FR\" \/>\n<meta property=\"og:type\" content=\"article\" \/>\n<meta property=\"og:title\" content=\"Gla\u00efeul \u00e0 Grandes Fleurs Prima Verde\" \/>\n<meta property=\"og:description\" content=\"Gla\u00efeul \u00e0 Grandes Fleurs Prima Verde \u00e0 acheter en ligne avec Ernest Turc, producteur de bulbes et de graines. D\u00e9couvrez notre s\u00e9lection de Grandes fleurs pour sublimer vos jardins.\" \/>\n<meta property=\"og:url\" content=\"https:\/\/www.ernest-turc.com\/boutique\/produits\/bulbes\/fleurs\/glaieuls\/grandes-fleurs\/glaieul-a-grandes-fleurs-prima-verde\/\" \/>\n<meta property=\"og:site_name\" content=\"Ernest TURC\" \/>\n<meta property=\"article:publisher\" content=\"https:\/\/www.facebook.com\/ErnestTURC49\" \/>\n<meta property=\"article:modified_time\" content=\"2026-03-09T10:07:19+00:00\" \/>\n<meta property=\"og:image\" content=\"https:\/\/www.ernest-turc.com\/boutique\/wp-content\/uploads\/2026\/02\/glaieul-prima-verde-1.jpg\" \/>\n\t<meta property=\"og:image:width\" content=\"800\" \/>\n\t<meta property=\"og:image:height\" content=\"800\" \/>\n\t<meta property=\"og:image:type\" content=\"image\/jpeg\" \/>\n<meta name=\"twitter:card\" content=\"summary_large_image\" \/>\n<meta name=\"twitter:label1\" content=\"Prix\" \/>\n\t<meta name=\"twitter:data1\" content=\"49,90&euro;TTCTTC\" \/>\n\t<meta name=\"twitter:label2\" content=\"Disponibilit\u00e9\" \/>\n\t<meta name=\"twitter:data2\" content=\"Rupture de stock\" \/>\n<script type=\"application\/ld+json\" class=\"yoast-schema-graph\">{\"@context\":\"https:\\\/\\\/schema.org\",\"@graph\":[{\"@type\":\"WebPage\",\"@id\":\"https:\\\/\\\/www.ernest-turc.com\\\/boutique\\\/produits\\\/bulbes\\\/fleurs\\\/glaieuls\\\/grandes-fleurs\\\/glaieul-a-grandes-fleurs-prima-verde\\\/\",\"url\":\"https:\\\/\\\/www.ernest-turc.com\\\/boutique\\\/produits\\\/bulbes\\\/fleurs\\\/glaieuls\\\/grandes-fleurs\\\/glaieul-a-grandes-fleurs-prima-verde\\\/\",\"name\":\"Gla\u00efeul \u00e0 Grandes Fleurs Prima Verde - Ernest TURC\",\"isPartOf\":{\"@id\":\"https:\\\/\\\/www.ernest-turc.com\\\/boutique\\\/#website\"},\"primaryImageOfPage\":{\"@id\":\"https:\\\/\\\/www.ernest-turc.com\\\/boutique\\\/produits\\\/bulbes\\\/fleurs\\\/glaieuls\\\/grandes-fleurs\\\/glaieul-a-grandes-fleurs-prima-verde\\\/#primaryimage\"},\"image\":{\"@id\":\"https:\\\/\\\/www.ernest-turc.com\\\/boutique\\\/produits\\\/bulbes\\\/fleurs\\\/glaieuls\\\/grandes-fleurs\\\/glaieul-a-grandes-fleurs-prima-verde\\\/#primaryimage\"},\"thumbnailUrl\":\"https:\\\/\\\/www.ernest-turc.com\\\/boutique\\\/wp-content\\\/uploads\\\/2026\\\/02\\\/glaieul-prima-verde-1.jpg\",\"datePublished\":\"2026-02-11T13:18:34+00:00\",\"dateModified\":\"2026-03-09T10:07:19+00:00\",\"description\":\"Gla\u00efeul \u00e0 Grandes Fleurs Prima Verde \u00e0 acheter en ligne avec Ernest Turc, producteur de bulbes et de graines. D\u00e9couvrez notre s\u00e9lection de Grandes fleurs pour sublimer vos jardins.\",\"breadcrumb\":{\"@id\":\"https:\\\/\\\/www.ernest-turc.com\\\/boutique\\\/produits\\\/bulbes\\\/fleurs\\\/glaieuls\\\/grandes-fleurs\\\/glaieul-a-grandes-fleurs-prima-verde\\\/#breadcrumb\"},\"inLanguage\":\"fr-FR\",\"potentialAction\":[{\"@type\":\"ReadAction\",\"target\":[\"https:\\\/\\\/www.ernest-turc.com\\\/boutique\\\/produits\\\/bulbes\\\/fleurs\\\/glaieuls\\\/grandes-fleurs\\\/glaieul-a-grandes-fleurs-prima-verde\\\/\"]}]},{\"@type\":\"ImageObject\",\"inLanguage\":\"fr-FR\",\"@id\":\"https:\\\/\\\/www.ernest-turc.com\\\/boutique\\\/produits\\\/bulbes\\\/fleurs\\\/glaieuls\\\/grandes-fleurs\\\/glaieul-a-grandes-fleurs-prima-verde\\\/#primaryimage\",\"url\":\"https:\\\/\\\/www.ernest-turc.com\\\/boutique\\\/wp-content\\\/uploads\\\/2026\\\/02\\\/glaieul-prima-verde-1.jpg\",\"contentUrl\":\"https:\\\/\\\/www.ernest-turc.com\\\/boutique\\\/wp-content\\\/uploads\\\/2026\\\/02\\\/glaieul-prima-verde-1.jpg\",\"width\":800,\"height\":800},{\"@type\":\"BreadcrumbList\",\"@id\":\"https:\\\/\\\/www.ernest-turc.com\\\/boutique\\\/produits\\\/bulbes\\\/fleurs\\\/glaieuls\\\/grandes-fleurs\\\/glaieul-a-grandes-fleurs-prima-verde\\\/#breadcrumb\",\"itemListElement\":[{\"@type\":\"ListItem\",\"position\":1,\"name\":\"Accueil\",\"item\":\"https:\\\/\\\/www.ernest-turc.com\\\/boutique\\\/\"},{\"@type\":\"ListItem\",\"position\":2,\"name\":\"Boutique\",\"item\":\"https:\\\/\\\/www.ernest-turc.fr\\\/boutique\\\/produits\\\/\"},{\"@type\":\"ListItem\",\"position\":3,\"name\":\"Gla\u00efeul \u00e0 Grandes Fleurs Prima Verde\"}]},{\"@type\":\"WebSite\",\"@id\":\"https:\\\/\\\/www.ernest-turc.com\\\/boutique\\\/#website\",\"url\":\"https:\\\/\\\/www.ernest-turc.com\\\/boutique\\\/\",\"name\":\"Ernest TURC\",\"description\":\"\",\"publisher\":{\"@id\":\"https:\\\/\\\/www.ernest-turc.com\\\/boutique\\\/#organization\"},\"potentialAction\":[{\"@type\":\"SearchAction\",\"target\":{\"@type\":\"EntryPoint\",\"urlTemplate\":\"https:\\\/\\\/www.ernest-turc.com\\\/boutique\\\/?s={search_term_string}\"},\"query-input\":{\"@type\":\"PropertyValueSpecification\",\"valueRequired\":true,\"valueName\":\"search_term_string\"}}],\"inLanguage\":\"fr-FR\"},{\"@type\":\"Organization\",\"@id\":\"https:\\\/\\\/www.ernest-turc.com\\\/boutique\\\/#organization\",\"name\":\"Boutique Ernest TURC\",\"alternateName\":\"Ernest TURC\",\"url\":\"https:\\\/\\\/www.ernest-turc.com\\\/boutique\\\/\",\"logo\":{\"@type\":\"ImageObject\",\"inLanguage\":\"fr-FR\",\"@id\":\"https:\\\/\\\/www.ernest-turc.com\\\/boutique\\\/#\\\/schema\\\/logo\\\/image\\\/\",\"url\":\"https:\\\/\\\/www.ernest-turc.com\\\/boutique\\\/wp-content\\\/uploads\\\/2020\\\/10\\\/logo.png\",\"contentUrl\":\"https:\\\/\\\/www.ernest-turc.com\\\/boutique\\\/wp-content\\\/uploads\\\/2020\\\/10\\\/logo.png\",\"width\":161,\"height\":161,\"caption\":\"Boutique Ernest TURC\"},\"image\":{\"@id\":\"https:\\\/\\\/www.ernest-turc.com\\\/boutique\\\/#\\\/schema\\\/logo\\\/image\\\/\"},\"sameAs\":[\"https:\\\/\\\/www.facebook.com\\\/ErnestTURC49\",\"https:\\\/\\\/www.instagram.com\\\/ernestturc\",\"https:\\\/\\\/www.linkedin.com\\\/company\\\/ernest-turc\\\/\",\"https:\\\/\\\/www.pinterest.fr\\\/ernestturc\",\"https:\\\/\\\/www.youtube.com\\\/channel\\\/UCH3ntWhy3mdcqw9-xF6pmEQ\"]}]}<\/script>\n<meta property=\"product:price:amount\" content=\"49.90\" \/>\n<meta property=\"product:price:currency\" content=\"EUR\" \/>\n<meta property=\"og:availability\" content=\"out of stock\" \/>\n<meta property=\"product:availability\" content=\"out of stock\" \/>\n<meta property=\"product:retailer_item_id\" content=\"167402-1\" \/>\n<meta property=\"product:condition\" content=\"new\" \/>\n<!-- \/ Yoast SEO Premium plugin. -->","yoast_head_json":{"title":"Gla\u00efeul \u00e0 Grandes Fleurs Prima Verde - Ernest TURC","description":"Gla\u00efeul \u00e0 Grandes Fleurs Prima Verde \u00e0 acheter en ligne avec Ernest Turc, producteur de bulbes et de graines. D\u00e9couvrez notre s\u00e9lection de Grandes fleurs pour sublimer vos jardins.","robots":{"index":"index","follow":"follow","max-snippet":"max-snippet:-1","max-image-preview":"max-image-preview:large","max-video-preview":"max-video-preview:-1"},"canonical":"https:\/\/www.ernest-turc.com\/boutique\/produits\/bulbes\/fleurs\/glaieuls\/grandes-fleurs\/glaieul-a-grandes-fleurs-prima-verde\/","og_locale":"fr_FR","og_type":"article","og_title":"Gla\u00efeul \u00e0 Grandes Fleurs Prima Verde","og_description":"Gla\u00efeul \u00e0 Grandes Fleurs Prima Verde \u00e0 acheter en ligne avec Ernest Turc, producteur de bulbes et de graines. D\u00e9couvrez notre s\u00e9lection de Grandes fleurs pour sublimer vos jardins.","og_url":"https:\/\/www.ernest-turc.com\/boutique\/produits\/bulbes\/fleurs\/glaieuls\/grandes-fleurs\/glaieul-a-grandes-fleurs-prima-verde\/","og_site_name":"Ernest TURC","article_publisher":"https:\/\/www.facebook.com\/ErnestTURC49","article_modified_time":"2026-03-09T10:07:19+00:00","og_image":[{"width":800,"height":800,"url":"https:\/\/www.ernest-turc.com\/boutique\/wp-content\/uploads\/2026\/02\/glaieul-prima-verde-1.jpg","type":"image\/jpeg"}],"twitter_card":"summary_large_image","twitter_misc":{"Prix":"49,90&euro;TTCTTC","Disponibilit\u00e9":"Rupture de stock"},"schema":{"@context":"https:\/\/schema.org","@graph":[{"@type":"WebPage","@id":"https:\/\/www.ernest-turc.com\/boutique\/produits\/bulbes\/fleurs\/glaieuls\/grandes-fleurs\/glaieul-a-grandes-fleurs-prima-verde\/","url":"https:\/\/www.ernest-turc.com\/boutique\/produits\/bulbes\/fleurs\/glaieuls\/grandes-fleurs\/glaieul-a-grandes-fleurs-prima-verde\/","name":"Gla\u00efeul \u00e0 Grandes Fleurs Prima Verde - Ernest TURC","isPartOf":{"@id":"https:\/\/www.ernest-turc.com\/boutique\/#website"},"primaryImageOfPage":{"@id":"https:\/\/www.ernest-turc.com\/boutique\/produits\/bulbes\/fleurs\/glaieuls\/grandes-fleurs\/glaieul-a-grandes-fleurs-prima-verde\/#primaryimage"},"image":{"@id":"https:\/\/www.ernest-turc.com\/boutique\/produits\/bulbes\/fleurs\/glaieuls\/grandes-fleurs\/glaieul-a-grandes-fleurs-prima-verde\/#primaryimage"},"thumbnailUrl":"https:\/\/www.ernest-turc.com\/boutique\/wp-content\/uploads\/2026\/02\/glaieul-prima-verde-1.jpg","datePublished":"2026-02-11T13:18:34+00:00","dateModified":"2026-03-09T10:07:19+00:00","description":"Gla\u00efeul \u00e0 Grandes Fleurs Prima Verde \u00e0 acheter en ligne avec Ernest Turc, producteur de bulbes et de graines. D\u00e9couvrez notre s\u00e9lection de Grandes fleurs pour sublimer vos jardins.","breadcrumb":{"@id":"https:\/\/www.ernest-turc.com\/boutique\/produits\/bulbes\/fleurs\/glaieuls\/grandes-fleurs\/glaieul-a-grandes-fleurs-prima-verde\/#breadcrumb"},"inLanguage":"fr-FR","potentialAction":[{"@type":"ReadAction","target":["https:\/\/www.ernest-turc.com\/boutique\/produits\/bulbes\/fleurs\/glaieuls\/grandes-fleurs\/glaieul-a-grandes-fleurs-prima-verde\/"]}]},{"@type":"ImageObject","inLanguage":"fr-FR","@id":"https:\/\/www.ernest-turc.com\/boutique\/produits\/bulbes\/fleurs\/glaieuls\/grandes-fleurs\/glaieul-a-grandes-fleurs-prima-verde\/#primaryimage","url":"https:\/\/www.ernest-turc.com\/boutique\/wp-content\/uploads\/2026\/02\/glaieul-prima-verde-1.jpg","contentUrl":"https:\/\/www.ernest-turc.com\/boutique\/wp-content\/uploads\/2026\/02\/glaieul-prima-verde-1.jpg","width":800,"height":800},{"@type":"BreadcrumbList","@id":"https:\/\/www.ernest-turc.com\/boutique\/produits\/bulbes\/fleurs\/glaieuls\/grandes-fleurs\/glaieul-a-grandes-fleurs-prima-verde\/#breadcrumb","itemListElement":[{"@type":"ListItem","position":1,"name":"Accueil","item":"https:\/\/www.ernest-turc.com\/boutique\/"},{"@type":"ListItem","position":2,"name":"Boutique","item":"https:\/\/www.ernest-turc.fr\/boutique\/produits\/"},{"@type":"ListItem","position":3,"name":"Gla\u00efeul \u00e0 Grandes Fleurs Prima Verde"}]},{"@type":"WebSite","@id":"https:\/\/www.ernest-turc.com\/boutique\/#website","url":"https:\/\/www.ernest-turc.com\/boutique\/","name":"Ernest TURC","description":"","publisher":{"@id":"https:\/\/www.ernest-turc.com\/boutique\/#organization"},"potentialAction":[{"@type":"SearchAction","target":{"@type":"EntryPoint","urlTemplate":"https:\/\/www.ernest-turc.com\/boutique\/?s={search_term_string}"},"query-input":{"@type":"PropertyValueSpecification","valueRequired":true,"valueName":"search_term_string"}}],"inLanguage":"fr-FR"},{"@type":"Organization","@id":"https:\/\/www.ernest-turc.com\/boutique\/#organization","name":"Boutique Ernest TURC","alternateName":"Ernest TURC","url":"https:\/\/www.ernest-turc.com\/boutique\/","logo":{"@type":"ImageObject","inLanguage":"fr-FR","@id":"https:\/\/www.ernest-turc.com\/boutique\/#\/schema\/logo\/image\/","url":"https:\/\/www.ernest-turc.com\/boutique\/wp-content\/uploads\/2020\/10\/logo.png","contentUrl":"https:\/\/www.ernest-turc.com\/boutique\/wp-content\/uploads\/2020\/10\/logo.png","width":161,"height":161,"caption":"Boutique Ernest TURC"},"image":{"@id":"https:\/\/www.ernest-turc.com\/boutique\/#\/schema\/logo\/image\/"},"sameAs":["https:\/\/www.facebook.com\/ErnestTURC49","https:\/\/www.instagram.com\/ernestturc","https:\/\/www.linkedin.com\/company\/ernest-turc\/","https:\/\/www.pinterest.fr\/ernestturc","https:\/\/www.youtube.com\/channel\/UCH3ntWhy3mdcqw9-xF6pmEQ"]}]},"product_price_amount":"49.90","product_price_currency":"EUR","og_availability":"out of stock","product_availability":"out of stock","product_retailer_item_id":"167402-1","product_condition":"new"},"_links":{"self":[{"href":"https:\/\/www.ernest-turc.com\/boutique\/wp-json\/wp\/v2\/product\/599903","targetHints":{"allow":["GET"]}}],"collection":[{"href":"https:\/\/www.ernest-turc.com\/boutique\/wp-json\/wp\/v2\/product"}],"about":[{"href":"https:\/\/www.ernest-turc.com\/boutique\/wp-json\/wp\/v2\/types\/product"}],"wp:featuredmedia":[{"embeddable":true,"href":"https:\/\/www.ernest-turc.com\/boutique\/wp-json\/wp\/v2\/media\/599904"}],"wp:attachment":[{"href":"https:\/\/www.ernest-turc.com\/boutique\/wp-json\/wp\/v2\/media?parent=599903"}],"wp:term":[{"taxonomy":"product_brand","embeddable":true,"href":"https:\/\/www.ernest-turc.com\/boutique\/wp-json\/wp\/v2\/product_brand?post=599903"},{"taxonomy":"product_cat","embeddable":true,"href":"https:\/\/www.ernest-turc.com\/boutique\/wp-json\/wp\/v2\/product_cat?post=599903"},{"taxonomy":"product_tag","embeddable":true,"href":"https:\/\/www.ernest-turc.com\/boutique\/wp-json\/wp\/v2\/product_tag?post=599903"}],"curies":[{"name":"wp","href":"https:\/\/api.w.org\/{rel}","templated":true}]}}